{"id":783,"date":"2025-01-13T15:35:44","date_gmt":"2025-01-13T14:35:44","guid":{"rendered":"https:\/\/cil.bf\/?page_id=783"},"modified":"2025-01-14T14:59:36","modified_gmt":"2025-01-14T13:59:36","slug":"presentation","status":"publish","type":"page","link":"https:\/\/cil.bf\/?page_id=783","title":{"rendered":"Pr\u00e9sentation"},"content":{"rendered":"<div class=\"box info  \"><div class=\"box-inner-block\"><i class=\"fa tie-shortcode-boxicon\"><\/i>\n\t\t\t <span class=\"dropcap \">L<\/span>a Commission de l\u2019Informatique et des Libert\u00e9s (CIL) est une Autorit\u00e9 administrative ind\u00e9pendante, cr\u00e9\u00e9e par la Loi N \u00b0 01 0-2004\/AN du 20 avril 2004 portant protection des donn\u00e9es \u00e0 caract\u00e8re personnel.<\/p>\n<p>Elle est fonctionnelle depuis d\u00e9cembre 2007.<\/p>\n<p>La commission compte neuf (09) membres, nomm\u00e9s en conseil des ministres pour un mandat de cinq ans renouvelable une fois. Elle se compose ainsi qu\u2019il suit :<\/p>\n<ul>\n<li style=\"list-style-type: none;\">\n<ul>\n<li style=\"list-style-type: none;\">\n<ul>\n<li>deux (02) magistrats repr\u00e9sentant le pouvoir judiciaire ;<\/li>\n<li>deux (02) d\u00e9put\u00e9s repr\u00e9sentant l\u2019Assembl\u00e9e Nationale ;<\/li>\n<li>deux (02) personnalit\u00e9s issues des associations nationales \u0153uvrant dans le domaine des droits humains ;<\/li>\n<li>deux (02) personnalit\u00e9s issues des associations nationales de professionnels de l\u2019informatique ;<\/li>\n<li>une (01) personnalit\u00e9 d\u00e9sign\u00e9e par le Pr\u00e9sident du Faso.<\/li>\n<\/ul>\n<\/li>\n<\/ul>\n<\/li>\n<\/ul>\n<p>La CIL est dirig\u00e9e par un pr\u00e9sident nomm\u00e9 par le Chef de l\u2019Etat parmi les membres.<\/p>\n<p>Le pr\u00e9sident est second\u00e9 par un Vice-pr\u00e9sident \u00e9lu par ses pairs.<\/p>\n<p>Ses principales missions sont :<\/p>\n<ul>\n<li style=\"list-style-type: none;\">\n<ul>\n<li style=\"list-style-type: none;\">\n<ul>\n<li>informer les personnes de leurs droits et obligations en mati\u00e8re de traitement des donn\u00e9es \u00e0 caract\u00e8re personnel ;<\/li>\n<li>r\u00e9guler en veillant au respect des formalit\u00e9s pr\u00e9alables \u00e0 tout traitement de donn\u00e9es \u00e0 caract\u00e8re personnel ;<\/li>\n<li>contr\u00f4ler la conformit\u00e9 des traitements aux dispositions de la loi N\u00b0 010-2004\/AN du 20 avril 2004 portant protection des donn\u00e9es \u00e0 caract\u00e8re<\/li>\n<li>personnel quel qu\u2019en soit le responsable ;<\/li>\n<li>prot\u00e9ger les droits des personnes ;<\/li>\n<li>anticiper en proposant au Gouvernement toutes mesures l\u00e9gislatives ou r\u00e9glementaires de nature \u00e0 adapter la protection des libert\u00e9s \u00e0 l\u2019\u00e9volution des TIC.<\/li>\n<\/ul>\n<\/li>\n<\/ul>\n<\/li>\n<\/ul>\n<p>Pour r\u00e9ussir sa mission, la CIL dispose d\u2019un pouvoir de contr\u00f4le des organismes publics et priv\u00e9s, et un pouvoir de sanction et de d\u00e9nonciation au parquet des contrevenants \u00e0 la loi portant protection des donn\u00e9es \u00e0 caract\u00e8re personnel.<\/p>\n<p>La Commission, pour son fonctionnement, s\u2019appuie sur les services administratifs suivants :<\/p>\n<p>le Secr\u00e9tariat g\u00e9n\u00e9ral (SG) ;<br \/>\nla Direction de l\u2019Expertise Technique et du Contr\u00f4le (DETC) ;<br \/>\nla Direction des Affaires Juridiques et du Contentieux (DAJC) ;<br \/>\nla Direction des Affaires Administratives et Financi\u00e8res (DAAF) ;<br \/>\nla Direction de la Communication et des Relations Publiques (DCRP).\n\t\t\t<\/div><\/div>\n<p>&nbsp;<\/p>\n","protected":false},"excerpt":{"rendered":"<p>&nbsp;<\/p>\n","protected":false},"author":1,"featured_media":0,"parent":0,"menu_order":0,"comment_status":"closed","ping_status":"closed","template":"","meta":{"footnotes":""},"class_list":["post-783","page","type-page","status-publish",""],"jetpack_sharing_enabled":true,"_links":{"self":[{"href":"https:\/\/cil.bf\/index.php?rest_route=\/wp\/v2\/pages\/783","targetHints":{"allow":["GET"]}}],"collection":[{"href":"https:\/\/cil.bf\/index.php?rest_route=\/wp\/v2\/pages"}],"about":[{"href":"https:\/\/cil.bf\/index.php?rest_route=\/wp\/v2\/types\/page"}],"author":[{"embeddable":true,"href":"https:\/\/cil.bf\/index.php?rest_route=\/wp\/v2\/users\/1"}],"replies":[{"embeddable":true,"href":"https:\/\/cil.bf\/index.php?rest_route=%2Fwp%2Fv2%2Fcomments&post=783"}],"version-history":[{"count":8,"href":"https:\/\/cil.bf\/index.php?rest_route=\/wp\/v2\/pages\/783\/revisions"}],"predecessor-version":[{"id":920,"href":"https:\/\/cil.bf\/index.php?rest_route=\/wp\/v2\/pages\/783\/revisions\/920"}],"wp:attachment":[{"href":"https:\/\/cil.bf\/index.php?rest_route=%2Fwp%2Fv2%2Fmedia&parent=783"}],"curies":[{"name":"wp","href":"https:\/\/api.w.org\/{rel}","templated":true}]}}